{"id":10295,"date":"2020-12-28T22:59:25","date_gmt":"2020-12-28T20:59:25","guid":{"rendered":"https:\/\/steelnet.ua\/product\/szafa-skladana\/"},"modified":"2020-12-28T22:59:25","modified_gmt":"2020-12-28T20:59:25","slug":"szafa-skladana","status":"publish","type":"product","link":"https:\/\/steelnet.ua\/pl\/produkt\/szafa-skladana\/","title":{"rendered":"SZAFA SK\u0141ADANA"},"content":{"rendered":"<p>Sk\u0142adane szafy telekomunikacyjne serii SN-RNK przeznaczone s\u0105 do monta\u017cu aktywnych i pasywnych urz\u0105dze\u0144 telekomunikacyjnych, a tak\u017ce do ochrony przed nieuprawnionym dost\u0119pem do wyposa\u017cenia szafy.<\/p>\n<p>G\u0142\u00f3wnymi zaletami tej szafy s\u0105 \u0142atwo\u015b\u0107 monta\u017cu i instalacji, \u0142atwy dost\u0119p do zainstalowanego wewn\u0105trz sprz\u0119tu oraz kompaktowe opakowanie (flatpack).<\/p>\n<p>Konstrukcja szafy sk\u0142ada si\u0119 z dachu, dna, dw\u00f3ch ram bocznych z wymiennymi panelami, drzwi przednich, panelu tylnego i stojak\u00f3w jednostkowych.<\/p>\n<p>Do monta\u017cu i instalacji szafy nie jest wymagana specjalistyczna wiedza, umiej\u0119tno\u015bci ani specjalne narz\u0119dzia. Szaf\u0119 mo\u017cna zmontowa\u0107 w kr\u00f3tkim czasie przy u\u017cyciu jedynie \u015brubokr\u0119ta krzy\u017cakowego.<\/p>\n<p>W celu \u0142atwego monta\u017cu na \u015bcianie i niezawodnego mocowania konstrukcja zapewnia 4 otwory z ty\u0142u szafy.<\/p>\n<p>Kompaktowe opakowanie znacznie zmniejsza obj\u0119to\u015b\u0107 szafy, zapewniaj\u0105c \u0142atwo\u015b\u0107 transportu i przechowywania. Ponadto wielowarstwowe opakowanie kartonowe chroni szklane drzwi i inne elementy konstrukcyjne przed uszkodzeniami mechanicznymi\/deformacj\u0105 podczas transportu lub przechowywania.<\/p>\n<p>Linia szaf wisz\u0105cych z serii SN-RNK obejmuj\u0105 szafy o wysoko\u015bci od 4 do 22 jednostek (4\/6\/9\/12\/15\/18\/22). Standardowa szeroko\u015b\u0107 szafy wynosi 600 mm. G\u0142\u0119boko\u015b\u0107 szaf tej linii wynosi 350\/450\/500\/600 mm.<\/p>\n<p>Przednie drzwi s\u0105 zamykane na zamek krzywkowy i mog\u0105 by\u0107 dostarczane w nast\u0119puj\u0105cych wersjach:<\/p>\n<ul>\n<li>Ze szk\u0142em hartowanym o grubo\u015bci 4 mm;<\/li>\n<li>Perforowane;<\/li>\n<li>Pe\u0142ne,<\/li>\n<\/ul>\n<p>&nbsp;<\/p>\n<p>K\u0105t otwarcia drzwi wynosi ponad 180\u00b0. Drzwi mog\u0105 by\u0107 montowane po lewej lub prawej stronie szafy.<\/p>\n<p>Standardowy zestaw dostawy szaf o g\u0142\u0119boko\u015bci 300-450 mm obejmuje 2 ocynkowane stojaki jednostkowe (\u201eracky\u201d), kt\u00f3re zapewniaj\u0105 niezawodne mocowanie sprz\u0119tu wewn\u0105trz szafy. G\u0142\u0119boko\u015b\u0107 rack\u00f3w mo\u017cna regulowa\u0107 w odst\u0119pach co 25 mm. Dzi\u0119ki ocynkowanej pow\u0142oce stojaki jednostkowe s\u0105 trwa\u0142e i s\u0142u\u017c\u0105 r\u00f3wnie\u017c jako element uziemiaj\u0105cy szaf\u0119.<\/p>\n<p>Zdejmowane panele boczne s\u0105 wyposa\u017cone w zamek krzywkowy zapewniaj\u0105cy bezpieczne mocowanie.<\/p>\n<p>Szafa jest pokryta specjaln\u0105 farb\u0105 proszkowo-polimerow\u0105, kt\u00f3ra tworzy trwa\u0142\u0105, tward\u0105 pow\u0142ok\u0119 odporn\u0105 na dzia\u0142anie czynnik\u00f3w zewn\u0119trznych, w tym mechanicznych.<\/p>\n<p>Dost\u0119pne s\u0105 dwa standardowe kolory: RAL 7035 (szary) i RAL 9005 (czarny).<\/p>\n<h3>Konstrukcja szafy obejmuje:<\/h3>\n<ul>\n<li>Pasywn\u0105 wentylacj\u0119 na g\u00f3rze i na dole szafy;<\/li>\n<li>Mo\u017cliwo\u015b\u0107 zainstalowania wentylatora na dachu;<\/li>\n<li>Przednia cz\u0119\u015b\u0107 szafy nie ma ostrych naro\u017cnik\u00f3w, co zmniejsza ryzyko obra\u017ce\u0144 cia\u0142a;<\/li>\n<li>Dost\u0119p do sprz\u0119tu z 3 stron (prz\u00f3d i 2 boki);<\/li>\n<li>Zdejmowany panel tylny;<\/li>\n<li>Spawane miedziowane \u015bruby do uziemienia na wszystkich cz\u0119\u015bciach szafy;<\/li>\n<li>Wprowadzanie kabli odbywa si\u0119 przez otwory w dachu i podstawie szafy, otwory s\u0105 zamykane regulowan\u0105 za\u015blepk\u0105.<\/li>\n<\/ul>\n<p>&nbsp;<\/p>\n<p>Maksymalne roz\u0142o\u017cone obci\u0105\u017cenie statyczne wynosi do 50 kg.<\/p>\n","protected":false},"excerpt":{"rendered":"<p>Sk\u0142adane szafy telekomunikacyjne serii SN-RNK przeznaczone s\u0105 do monta\u017cu aktywnych i pasywnych urz\u0105dze\u0144 telekomunikacyjnych, a tak\u017ce do ochrony przed nieuprawnionym dost\u0119pem do wyposa\u017cenia szafy. G\u0142\u00f3wnymi zaletami tej szafy s\u0105 \u0142atwo\u015b\u0107 monta\u017cu i instalacji, \u0142atwy dost\u0119p do zainstalowanego wewn\u0105trz sprz\u0119tu oraz kompaktowe opakowanie (flatpack). Konstrukcja szafy sk\u0142ada si\u0119 z dachu, dna, dw\u00f3ch ram bocznych z wymiennymi [&hellip;]<\/p>\n","protected":false},"featured_media":10296,"comment_status":"open","ping_status":"closed","template":"","meta":{"inline_featured_image":false},"product_cat":[],"product_tag":[],"class_list":{"0":"post-10295","1":"product","2":"type-product","3":"status-publish","4":"has-post-thumbnail","7":"first","8":"instock","9":"shipping-taxable","10":"product-type-simple"},"yoast_head":"<!-- This site is optimized with the Yoast SEO plugin v27.3 - https:\/\/yoast.com\/product\/yoast-seo-wordpress\/ -->\n<title>SZAFA SK\u0141ADANA - SteelNet<\/title>\n<meta name=\"robots\" content=\"index, follow, max-snippet:-1, max-image-preview:large, max-video-preview:-1\" \/>\n<link rel=\"canonical\" href=\"https:\/\/steelnet.ua\/pl\/produkt\/szafa-skladana\/\" \/>\n<meta property=\"og:locale\" content=\"pl_PL\" \/>\n<meta property=\"og:type\" content=\"article\" \/>\n<meta property=\"og:title\" content=\"SZAFA SK\u0141ADANA - SteelNet\" \/>\n<meta property=\"og:description\" content=\"Sk\u0142adane szafy telekomunikacyjne serii SN-RNK przeznaczone s\u0105 do monta\u017cu aktywnych i pasywnych urz\u0105dze\u0144 telekomunikacyjnych, a tak\u017ce do ochrony przed nieuprawnionym dost\u0119pem do wyposa\u017cenia szafy. G\u0142\u00f3wnymi zaletami tej szafy s\u0105 \u0142atwo\u015b\u0107 monta\u017cu i instalacji, \u0142atwy dost\u0119p do zainstalowanego wewn\u0105trz sprz\u0119tu oraz kompaktowe opakowanie (flatpack). Konstrukcja szafy sk\u0142ada si\u0119 z dachu, dna, dw\u00f3ch ram bocznych z wymiennymi [&hellip;]\" \/>\n<meta property=\"og:url\" content=\"https:\/\/steelnet.ua\/pl\/produkt\/szafa-skladana\/\" \/>\n<meta property=\"og:site_name\" content=\"SteelNet\" \/>\n<meta property=\"og:image\" content=\"https:\/\/steelnet.ua\/wp-content\/uploads\/2020\/12\/lara_product_271.jpg\" \/>\n\t<meta property=\"og:image:width\" content=\"800\" \/>\n\t<meta property=\"og:image:height\" content=\"800\" \/>\n\t<meta property=\"og:image:type\" content=\"image\/jpeg\" \/>\n<meta name=\"twitter:card\" content=\"summary_large_image\" \/>\n<meta name=\"twitter:label1\" content=\"Szacowany czas czytania\" \/>\n\t<meta name=\"twitter:data1\" content=\"2 minuty\" \/>\n<script type=\"application\/ld+json\" class=\"yoast-schema-graph\">{\"@context\":\"https:\\\/\\\/schema.org\",\"@graph\":[{\"@type\":\"WebPage\",\"@id\":\"https:\\\/\\\/steelnet.ua\\\/pl\\\/produkt\\\/szafa-skladana\\\/\",\"url\":\"https:\\\/\\\/steelnet.ua\\\/pl\\\/produkt\\\/szafa-skladana\\\/\",\"name\":\"SZAFA SK\u0141ADANA - SteelNet\",\"isPartOf\":{\"@id\":\"https:\\\/\\\/steelnet.ua\\\/#website\"},\"primaryImageOfPage\":{\"@id\":\"https:\\\/\\\/steelnet.ua\\\/pl\\\/produkt\\\/szafa-skladana\\\/#primaryimage\"},\"image\":{\"@id\":\"https:\\\/\\\/steelnet.ua\\\/pl\\\/produkt\\\/szafa-skladana\\\/#primaryimage\"},\"thumbnailUrl\":\"https:\\\/\\\/steelnet.ua\\\/wp-content\\\/uploads\\\/2020\\\/12\\\/lara_product_271.jpg\",\"datePublished\":\"2020-12-28T20:59:25+00:00\",\"breadcrumb\":{\"@id\":\"https:\\\/\\\/steelnet.ua\\\/pl\\\/produkt\\\/szafa-skladana\\\/#breadcrumb\"},\"inLanguage\":\"pl-PL\",\"potentialAction\":[{\"@type\":\"ReadAction\",\"target\":[\"https:\\\/\\\/steelnet.ua\\\/pl\\\/produkt\\\/szafa-skladana\\\/\"]}]},{\"@type\":\"ImageObject\",\"inLanguage\":\"pl-PL\",\"@id\":\"https:\\\/\\\/steelnet.ua\\\/pl\\\/produkt\\\/szafa-skladana\\\/#primaryimage\",\"url\":\"https:\\\/\\\/steelnet.ua\\\/wp-content\\\/uploads\\\/2020\\\/12\\\/lara_product_271.jpg\",\"contentUrl\":\"https:\\\/\\\/steelnet.ua\\\/wp-content\\\/uploads\\\/2020\\\/12\\\/lara_product_271.jpg\",\"width\":800,\"height\":800},{\"@type\":\"BreadcrumbList\",\"@id\":\"https:\\\/\\\/steelnet.ua\\\/pl\\\/produkt\\\/szafa-skladana\\\/#breadcrumb\",\"itemListElement\":[{\"@type\":\"ListItem\",\"position\":1,\"name\":\"\u0413\u043e\u043b\u043e\u0432\u043d\u0430 \u0421\u0442\u043e\u0440\u0456\u043d\u043a\u0430\",\"item\":\"https:\\\/\\\/steelnet.ua\\\/\"},{\"@type\":\"ListItem\",\"position\":2,\"name\":\"\u041c\u0430\u0433\u0430\u0437\u0438\u043d\",\"item\":\"https:\\\/\\\/steelnet.ua\\\/shop\\\/\"},{\"@type\":\"ListItem\",\"position\":3,\"name\":\"SZAFA SK\u0141ADANA\"}]},{\"@type\":\"WebSite\",\"@id\":\"https:\\\/\\\/steelnet.ua\\\/#website\",\"url\":\"https:\\\/\\\/steelnet.ua\\\/\",\"name\":\"SteelNet\",\"description\":\"\u041c\u0435\u0442\u0430\u043b\u043e\u043a\u043e\u043d\u0441\u0442\u0440\u0443\u043a\u0446\u0456\u0457 \u0442\u0430 \u0442\u0435\u043b\u0435\u043a\u043e\u043c \u043e\u0431\u043b\u0430\u0434\u043d\u0430\u043d\u043d\u044f\",\"potentialAction\":[{\"@type\":\"SearchAction\",\"target\":{\"@type\":\"EntryPoint\",\"urlTemplate\":\"https:\\\/\\\/steelnet.ua\\\/?s={search_term_string}\"},\"query-input\":{\"@type\":\"PropertyValueSpecification\",\"valueRequired\":true,\"valueName\":\"search_term_string\"}}],\"inLanguage\":\"pl-PL\"}]}<\/script>\n<!-- \/ Yoast SEO plugin. -->","yoast_head_json":{"title":"SZAFA SK\u0141ADANA - SteelNet","robots":{"index":"index","follow":"follow","max-snippet":"max-snippet:-1","max-image-preview":"max-image-preview:large","max-video-preview":"max-video-preview:-1"},"canonical":"https:\/\/steelnet.ua\/pl\/produkt\/szafa-skladana\/","og_locale":"pl_PL","og_type":"article","og_title":"SZAFA SK\u0141ADANA - SteelNet","og_description":"Sk\u0142adane szafy telekomunikacyjne serii SN-RNK przeznaczone s\u0105 do monta\u017cu aktywnych i pasywnych urz\u0105dze\u0144 telekomunikacyjnych, a tak\u017ce do ochrony przed nieuprawnionym dost\u0119pem do wyposa\u017cenia szafy. G\u0142\u00f3wnymi zaletami tej szafy s\u0105 \u0142atwo\u015b\u0107 monta\u017cu i instalacji, \u0142atwy dost\u0119p do zainstalowanego wewn\u0105trz sprz\u0119tu oraz kompaktowe opakowanie (flatpack). Konstrukcja szafy sk\u0142ada si\u0119 z dachu, dna, dw\u00f3ch ram bocznych z wymiennymi [&hellip;]","og_url":"https:\/\/steelnet.ua\/pl\/produkt\/szafa-skladana\/","og_site_name":"SteelNet","og_image":[{"width":800,"height":800,"url":"https:\/\/steelnet.ua\/wp-content\/uploads\/2020\/12\/lara_product_271.jpg","type":"image\/jpeg"}],"twitter_card":"summary_large_image","twitter_misc":{"Szacowany czas czytania":"2 minuty"},"schema":{"@context":"https:\/\/schema.org","@graph":[{"@type":"WebPage","@id":"https:\/\/steelnet.ua\/pl\/produkt\/szafa-skladana\/","url":"https:\/\/steelnet.ua\/pl\/produkt\/szafa-skladana\/","name":"SZAFA SK\u0141ADANA - SteelNet","isPartOf":{"@id":"https:\/\/steelnet.ua\/#website"},"primaryImageOfPage":{"@id":"https:\/\/steelnet.ua\/pl\/produkt\/szafa-skladana\/#primaryimage"},"image":{"@id":"https:\/\/steelnet.ua\/pl\/produkt\/szafa-skladana\/#primaryimage"},"thumbnailUrl":"https:\/\/steelnet.ua\/wp-content\/uploads\/2020\/12\/lara_product_271.jpg","datePublished":"2020-12-28T20:59:25+00:00","breadcrumb":{"@id":"https:\/\/steelnet.ua\/pl\/produkt\/szafa-skladana\/#breadcrumb"},"inLanguage":"pl-PL","potentialAction":[{"@type":"ReadAction","target":["https:\/\/steelnet.ua\/pl\/produkt\/szafa-skladana\/"]}]},{"@type":"ImageObject","inLanguage":"pl-PL","@id":"https:\/\/steelnet.ua\/pl\/produkt\/szafa-skladana\/#primaryimage","url":"https:\/\/steelnet.ua\/wp-content\/uploads\/2020\/12\/lara_product_271.jpg","contentUrl":"https:\/\/steelnet.ua\/wp-content\/uploads\/2020\/12\/lara_product_271.jpg","width":800,"height":800},{"@type":"BreadcrumbList","@id":"https:\/\/steelnet.ua\/pl\/produkt\/szafa-skladana\/#breadcrumb","itemListElement":[{"@type":"ListItem","position":1,"name":"\u0413\u043e\u043b\u043e\u0432\u043d\u0430 \u0421\u0442\u043e\u0440\u0456\u043d\u043a\u0430","item":"https:\/\/steelnet.ua\/"},{"@type":"ListItem","position":2,"name":"\u041c\u0430\u0433\u0430\u0437\u0438\u043d","item":"https:\/\/steelnet.ua\/shop\/"},{"@type":"ListItem","position":3,"name":"SZAFA SK\u0141ADANA"}]},{"@type":"WebSite","@id":"https:\/\/steelnet.ua\/#website","url":"https:\/\/steelnet.ua\/","name":"SteelNet","description":"\u041c\u0435\u0442\u0430\u043b\u043e\u043a\u043e\u043d\u0441\u0442\u0440\u0443\u043a\u0446\u0456\u0457 \u0442\u0430 \u0442\u0435\u043b\u0435\u043a\u043e\u043c \u043e\u0431\u043b\u0430\u0434\u043d\u0430\u043d\u043d\u044f","potentialAction":[{"@type":"SearchAction","target":{"@type":"EntryPoint","urlTemplate":"https:\/\/steelnet.ua\/?s={search_term_string}"},"query-input":{"@type":"PropertyValueSpecification","valueRequired":true,"valueName":"search_term_string"}}],"inLanguage":"pl-PL"}]}},"_links":{"self":[{"href":"https:\/\/steelnet.ua\/pl\/wp-json\/wp\/v2\/product\/10295","targetHints":{"allow":["GET"]}}],"collection":[{"href":"https:\/\/steelnet.ua\/pl\/wp-json\/wp\/v2\/product"}],"about":[{"href":"https:\/\/steelnet.ua\/pl\/wp-json\/wp\/v2\/types\/product"}],"replies":[{"embeddable":true,"href":"https:\/\/steelnet.ua\/pl\/wp-json\/wp\/v2\/comments?post=10295"}],"wp:featuredmedia":[{"embeddable":true,"href":"https:\/\/steelnet.ua\/pl\/wp-json\/wp\/v2\/media\/10296"}],"wp:attachment":[{"href":"https:\/\/steelnet.ua\/pl\/wp-json\/wp\/v2\/media?parent=10295"}],"wp:term":[{"taxonomy":"product_cat","embeddable":true,"href":"https:\/\/steelnet.ua\/pl\/wp-json\/wp\/v2\/product_cat?post=10295"},{"taxonomy":"product_tag","embeddable":true,"href":"https:\/\/steelnet.ua\/pl\/wp-json\/wp\/v2\/product_tag?post=10295"}],"curies":[{"name":"wp","href":"https:\/\/api.w.org\/{rel}","templated":true}]}}