{"id":10152,"date":"2020-12-28T23:04:52","date_gmt":"2020-12-28T21:04:52","guid":{"rendered":"https:\/\/steelnet.ua\/product\/nascienna-szafa-klimatyzacyjna-sn-stk-do-uzytku-zewnetrznego\/"},"modified":"2020-12-28T23:04:52","modified_gmt":"2020-12-28T21:04:52","slug":"nascienna-szafa-klimatyzacyjna-sn-stk-do-uzytku-zewnetrznego","status":"publish","type":"product","link":"https:\/\/steelnet.ua\/pl\/produkt\/nascienna-szafa-klimatyzacyjna-sn-stk-do-uzytku-zewnetrznego\/","title":{"rendered":"Na\u015bcienna szafa klimatyzacyjna SN-STK do u\u017cytku zewn\u0119trznego"},"content":{"rendered":"<p>Na\u015bcienne szafy klimatyczne z serii SN-\u0428\u0422\u041a przeznaczone s\u0105 do monta\u017cu aktywnych lub pasywnych urz\u0105dze\u0144 telekomunikacyjnych i monitoringu wizyjnego oraz zapewniaj\u0105 ochron\u0119 przed zewn\u0119trznymi czynnikami \u015brodowiskowymi, a tak\u017ce przed nieuprawnionym dost\u0119pem do szafy.<\/p>\n<p>Szafy klimatyczne z serii SN-\u0428\u0422\u041a to uniwersalne rozwi\u0105zanie do budowy sieci i umieszczania samej szafy bezpo\u015brednio na zewn\u0105trz.<\/p>\n<p>Obudowa szafy wykonana jest z podw\u00f3jnych \u015bcian warstwowych. Przestrze\u0144 mi\u0119dzy \u015bcianami wype\u0142niona jest niepaln\u0105 we\u0142n\u0105 mineralno-bazaltow\u0105, kt\u00f3ra minimalizuje wp\u0142yw zewn\u0119trznych czynnik\u00f3w atmosferycznych na temperatur\u0119 wewn\u0105trz szafy. Dzi\u0119ki temu seria szaf SN-\u0428\u0422\u041a przeznaczona jest do pracy w temperaturach od -40\u00b0C do +40\u00b0C (re\u017cim temperaturowy mo\u017ce by\u0107 zmieniany zgodnie ze specyfikacj\u0105 techniczn\u0105).<\/p>\n<p>Stopie\u0144 ochrony szaf klimatycznych jest zgodny z norm\u0105 IP54, co pozwala na ich instalacj\u0119 w dowolnym miejscu na zewn\u0105trz. Wzmocniona gumowa uszczelka mi\u0119dzy drzwiami a obudow\u0105 zapobiega przedostawaniu si\u0119 wilgoci do wn\u0119trza obudowy.<\/p>\n<p>Ustawiona temperatura wewn\u0105trz szafy jest utrzymywana za pomoc\u0105 wentylacji nawiewno-wywiewnej w po\u0142\u0105czeniu z filtrami i termostatami. W zimnych porach roku optymaln\u0105 temperatur\u0119 zapewnia nagrzewnica powietrza.<\/p>\n<p>Rozdzielnica elektryczna wchodzi w zakres dostawy i zajmuje trzy jednostki robocze szafy. Jest ona wyposa\u017cona w: gniazdo, termostaty, automaty i zestaw uziemiaj\u0105cy.<\/p>\n<p>Zamek ryglowy i ukryte zawiasy drzwi niezawodnie chroni\u0105 szaf\u0119 i zainstalowany w niej sprz\u0119t.<\/p>\n<p>Kabel jest prowadzony przez 8 d\u0142awik\u00f3w umieszczonych u podstawy szafy i zamykany hermetycznymi d\u0142awikami gumowymi.<\/p>\n<p>Szafka jest montowana do \u015bciany za pomoc\u0105 czterech otwor\u00f3w monta\u017cowych z podk\u0142adkami dystansowymi o \u015brednicy 12 mm. Otwory znajduj\u0105 si\u0119 z ty\u0142u obudowy. Zestaw monta\u017cowy nie jest do\u0142\u0105czony w standardzie.<\/p>\n<h3><strong>CHARAKTERYSTYKA TECHNICZNA KLIMATYCZNYCH SZAF NA\u015aCIENNYCH SN-\u0428\u0422\u041a:<\/strong><\/h3>\n<p>\u2013\u00a0\u00a0pe\u0142na wysoko\u015b\u0107 szafy (wysoko\u015b\u0107 z zainstalowanym elektrycznym panelem dystrybucyjnym): 9U (6U), 12U (9U), 15U (12U);<\/p>\n<p>\u2013\u00a0\u00a0szeroko\u015b\u0107: 650 mm;<\/p>\n<p>\u2013\u00a0\u00a0g\u0142\u0119boko\u015b\u0107: 600 mm;<\/p>\n<p>\u2013\u00a0\u00a0obudowa szafy: blacha stalowa, 1,5 mm;<\/p>\n<p>\u2013\u00a0\u00a0ok\u0142adzina wewn\u0119trzna: blacha stalowa ocynkowana, 1 mm;<\/p>\n<p>\u2013\u00a0\u00a0profile monta\u017cowe urz\u0105dzenia maj\u0105 regulowan\u0105 g\u0142\u0119boko\u015b\u0107 co 25 mm;<\/p>\n<p>\u2013\u00a0\u00a0rodzaj izolacji: we\u0142na mineralna;<\/p>\n<p>\u2013\u00a0\u00a0zamek: ryglowy;<\/p>\n<p>\u2013\u00a0\u00a0k\u0105t otwarcia drzwi: ponad 120\u00b0;<\/p>\n<p>\u2013\u00a0\u00a0d\u0142awiki kablowe: 8 szt. o \u015brednicy 32 mm (wszystkie d\u0142awiki kablowe s\u0105 zabezpieczone za\u015blepkami z uszczelk\u0105);<\/p>\n<p>\u2013\u00a0\u00a0wydajno\u015b\u0107 wentylatora: 164 m<sup>3<\/sup>\/g;<\/p>\n<p>\u2013\u00a0\u00a0moc nagrzewnicy powietrza: 150-250W;<\/p>\n<p>\u2013\u00a0\u00a0maksymalne dopuszczalne roz\u0142o\u017cone obci\u0105\u017cenie statyczne: 100 kg;<\/p>\n<p>\u2013\u00a0\u00a0stopie\u0144 ochrony zgodnie z EN\/IEC 60529: IP54;<\/p>\n<p>Szafy s\u0105 pokryte specjaln\u0105 zewn\u0119trzn\u0105 farb\u0105 proszkowo-polimerow\u0105, kt\u00f3ra tworzy trwa\u0142\u0105 pow\u0142ok\u0119 z w\u0119glik\u00f3w spiekanych, odporn\u0105 na dzia\u0142anie czynnik\u00f3w zewn\u0119trznych, w tym mechanicznych. Standardowy kolor: RAL7035 (szary).<\/p>\n<h3><strong>STANDARDOWY ZAKRES DOSTAWY:<\/strong><\/h3>\n<p>1) Obudowa \u20131 szt.<\/p>\n<p>2) Stojak monta\u017cowy 19\u201d \u2013 2 szt.<\/p>\n<p>3) Panel dystrybucyjny 19\u2033, 3U \u2013 1 szt.;<\/p>\n<p>\u2013\u00a0\u00a0Wy\u0142\u0105cznik 1P 16 \u0410 \u2013 2 szt.;<\/p>\n<p>\u2013\u00a0\u00a0Wy\u0142\u0105cznik 1P 6 \u0410 \u2013 1 szt.;<\/p>\n<p>\u2013\u00a0\u00a0Termostat do ogrzewania \u2013 1 szt.;<\/p>\n<p>\u2013\u00a0\u00a0Termostat do ch\u0142odzenia \u2013 1 szt.;<\/p>\n<p>\u2013\u00a0\u00a0Gniazdo 230 V,16 A \u2013 1 szt.;<\/p>\n<p>\u2013\u00a0\u00a0Szyna zeruj\u0105ca \u2013 1 szt.<\/p>\n<p>4) Czujnik otwarcia drzwi \u2013 1 szt.<\/p>\n<p>5) Element grzejny 200 W, 230 V \u2013 1 szt.<\/p>\n<p>6) Wentylator 160 m<sup>3<\/sup>, 230 V \u2013 1 szt.<\/p>\n<p>7) Filtr przeciwpy\u0142owy \u2013 2 szt.<\/p>\n<p>8) Zestaw kluczy do zamka \u2013 1 kpl.<\/p>\n<p>9) Paszport \u2013 1 szt.<\/p>\n<h3><strong>DOST\u0118PNE MODELE:<\/strong><\/h3>\n<p>Telekomunikacyjna szafa klimatyczna SN-\u0428\u0422\u041a-9U-065-06-7035.<\/p>\n<p>Telekomunikacyjna szafa klimatyczna \u00a0SN-\u0428\u0422\u041a-12U-065-06-7035.<\/p>\n<p>Telekomunikacyjna szafa klimatyczna \u00a0SN-\u0428\u0422\u041a-15U-065-06-7035.<\/p>\n<p><em>Nasza firma ma mo\u017cliwo\u015b\u0107 zaoferowania szaf o niestandardowych rozmiarach, kt\u00f3re zostan\u0105 wyprodukowane zgodnie ze specyfikacj\u0105 klienta.<\/em><\/p>\n","protected":false},"excerpt":{"rendered":"<p>Na\u015bcienne szafy klimatyczne z serii SN-\u0428\u0422\u041a przeznaczone s\u0105 do monta\u017cu aktywnych lub pasywnych urz\u0105dze\u0144 telekomunikacyjnych i monitoringu wizyjnego oraz zapewniaj\u0105 ochron\u0119 przed zewn\u0119trznymi czynnikami \u015brodowiskowymi, a tak\u017ce przed nieuprawnionym dost\u0119pem do szafy. Szafy klimatyczne z serii SN-\u0428\u0422\u041a to uniwersalne rozwi\u0105zanie do budowy sieci i umieszczania samej szafy bezpo\u015brednio na zewn\u0105trz. Obudowa szafy wykonana jest z [&hellip;]<\/p>\n","protected":false},"featured_media":10160,"comment_status":"open","ping_status":"closed","template":"","meta":{"inline_featured_image":false},"product_cat":[],"product_tag":[],"class_list":{"0":"post-10152","1":"product","2":"type-product","3":"status-publish","4":"has-post-thumbnail","7":"first","8":"instock","9":"shipping-taxable","10":"product-type-simple"},"yoast_head":"<!-- This site is optimized with the Yoast SEO plugin v27.3 - https:\/\/yoast.com\/product\/yoast-seo-wordpress\/ -->\n<title>Na\u015bcienna szafa klimatyzacyjna SN-STK do u\u017cytku zewn\u0119trznego - SteelNet<\/title>\n<meta name=\"robots\" content=\"index, follow, max-snippet:-1, max-image-preview:large, max-video-preview:-1\" \/>\n<link rel=\"canonical\" href=\"https:\/\/steelnet.ua\/pl\/produkt\/nascienna-szafa-klimatyzacyjna-sn-stk-do-uzytku-zewnetrznego\/\" \/>\n<meta property=\"og:locale\" content=\"pl_PL\" \/>\n<meta property=\"og:type\" content=\"article\" \/>\n<meta property=\"og:title\" content=\"Na\u015bcienna szafa klimatyzacyjna SN-STK do u\u017cytku zewn\u0119trznego - SteelNet\" \/>\n<meta property=\"og:description\" content=\"Na\u015bcienne szafy klimatyczne z serii SN-\u0428\u0422\u041a przeznaczone s\u0105 do monta\u017cu aktywnych lub pasywnych urz\u0105dze\u0144 telekomunikacyjnych i monitoringu wizyjnego oraz zapewniaj\u0105 ochron\u0119 przed zewn\u0119trznymi czynnikami \u015brodowiskowymi, a tak\u017ce przed nieuprawnionym dost\u0119pem do szafy. Szafy klimatyczne z serii SN-\u0428\u0422\u041a to uniwersalne rozwi\u0105zanie do budowy sieci i umieszczania samej szafy bezpo\u015brednio na zewn\u0105trz. Obudowa szafy wykonana jest z [&hellip;]\" \/>\n<meta property=\"og:url\" content=\"https:\/\/steelnet.ua\/pl\/produkt\/nascienna-szafa-klimatyzacyjna-sn-stk-do-uzytku-zewnetrznego\/\" \/>\n<meta property=\"og:site_name\" content=\"SteelNet\" \/>\n<meta property=\"og:image\" content=\"https:\/\/steelnet.ua\/wp-content\/uploads\/2020\/12\/SN-SZTK-9U-06-06_-09_065_06_cam_03-1.jpg\" \/>\n\t<meta property=\"og:image:width\" content=\"1200\" \/>\n\t<meta property=\"og:image:height\" content=\"1200\" \/>\n\t<meta property=\"og:image:type\" content=\"image\/jpeg\" \/>\n<meta name=\"twitter:card\" content=\"summary_large_image\" \/>\n<meta name=\"twitter:label1\" content=\"Szacowany czas czytania\" \/>\n\t<meta name=\"twitter:data1\" content=\"3 minuty\" \/>\n<script type=\"application\/ld+json\" class=\"yoast-schema-graph\">{\"@context\":\"https:\\\/\\\/schema.org\",\"@graph\":[{\"@type\":\"WebPage\",\"@id\":\"https:\\\/\\\/steelnet.ua\\\/pl\\\/produkt\\\/nascienna-szafa-klimatyzacyjna-sn-stk-do-uzytku-zewnetrznego\\\/\",\"url\":\"https:\\\/\\\/steelnet.ua\\\/pl\\\/produkt\\\/nascienna-szafa-klimatyzacyjna-sn-stk-do-uzytku-zewnetrznego\\\/\",\"name\":\"Na\u015bcienna szafa klimatyzacyjna SN-STK do u\u017cytku zewn\u0119trznego - SteelNet\",\"isPartOf\":{\"@id\":\"https:\\\/\\\/steelnet.ua\\\/#website\"},\"primaryImageOfPage\":{\"@id\":\"https:\\\/\\\/steelnet.ua\\\/pl\\\/produkt\\\/nascienna-szafa-klimatyzacyjna-sn-stk-do-uzytku-zewnetrznego\\\/#primaryimage\"},\"image\":{\"@id\":\"https:\\\/\\\/steelnet.ua\\\/pl\\\/produkt\\\/nascienna-szafa-klimatyzacyjna-sn-stk-do-uzytku-zewnetrznego\\\/#primaryimage\"},\"thumbnailUrl\":\"https:\\\/\\\/steelnet.ua\\\/wp-content\\\/uploads\\\/2020\\\/12\\\/SN-SZTK-9U-06-06_-09_065_06_cam_03-1.jpg\",\"datePublished\":\"2020-12-28T21:04:52+00:00\",\"breadcrumb\":{\"@id\":\"https:\\\/\\\/steelnet.ua\\\/pl\\\/produkt\\\/nascienna-szafa-klimatyzacyjna-sn-stk-do-uzytku-zewnetrznego\\\/#breadcrumb\"},\"inLanguage\":\"pl-PL\",\"potentialAction\":[{\"@type\":\"ReadAction\",\"target\":[\"https:\\\/\\\/steelnet.ua\\\/pl\\\/produkt\\\/nascienna-szafa-klimatyzacyjna-sn-stk-do-uzytku-zewnetrznego\\\/\"]}]},{\"@type\":\"ImageObject\",\"inLanguage\":\"pl-PL\",\"@id\":\"https:\\\/\\\/steelnet.ua\\\/pl\\\/produkt\\\/nascienna-szafa-klimatyzacyjna-sn-stk-do-uzytku-zewnetrznego\\\/#primaryimage\",\"url\":\"https:\\\/\\\/steelnet.ua\\\/wp-content\\\/uploads\\\/2020\\\/12\\\/SN-SZTK-9U-06-06_-09_065_06_cam_03-1.jpg\",\"contentUrl\":\"https:\\\/\\\/steelnet.ua\\\/wp-content\\\/uploads\\\/2020\\\/12\\\/SN-SZTK-9U-06-06_-09_065_06_cam_03-1.jpg\",\"width\":1200,\"height\":1200},{\"@type\":\"BreadcrumbList\",\"@id\":\"https:\\\/\\\/steelnet.ua\\\/pl\\\/produkt\\\/nascienna-szafa-klimatyzacyjna-sn-stk-do-uzytku-zewnetrznego\\\/#breadcrumb\",\"itemListElement\":[{\"@type\":\"ListItem\",\"position\":1,\"name\":\"\u0413\u043e\u043b\u043e\u0432\u043d\u0430 \u0421\u0442\u043e\u0440\u0456\u043d\u043a\u0430\",\"item\":\"https:\\\/\\\/steelnet.ua\\\/\"},{\"@type\":\"ListItem\",\"position\":2,\"name\":\"\u041c\u0430\u0433\u0430\u0437\u0438\u043d\",\"item\":\"https:\\\/\\\/steelnet.ua\\\/shop\\\/\"},{\"@type\":\"ListItem\",\"position\":3,\"name\":\"Na\u015bcienna szafa klimatyzacyjna SN-STK do u\u017cytku zewn\u0119trznego\"}]},{\"@type\":\"WebSite\",\"@id\":\"https:\\\/\\\/steelnet.ua\\\/#website\",\"url\":\"https:\\\/\\\/steelnet.ua\\\/\",\"name\":\"SteelNet\",\"description\":\"\u041c\u0435\u0442\u0430\u043b\u043e\u043a\u043e\u043d\u0441\u0442\u0440\u0443\u043a\u0446\u0456\u0457 \u0442\u0430 \u0442\u0435\u043b\u0435\u043a\u043e\u043c \u043e\u0431\u043b\u0430\u0434\u043d\u0430\u043d\u043d\u044f\",\"potentialAction\":[{\"@type\":\"SearchAction\",\"target\":{\"@type\":\"EntryPoint\",\"urlTemplate\":\"https:\\\/\\\/steelnet.ua\\\/?s={search_term_string}\"},\"query-input\":{\"@type\":\"PropertyValueSpecification\",\"valueRequired\":true,\"valueName\":\"search_term_string\"}}],\"inLanguage\":\"pl-PL\"}]}<\/script>\n<!-- \/ Yoast SEO plugin. -->","yoast_head_json":{"title":"Na\u015bcienna szafa klimatyzacyjna SN-STK do u\u017cytku zewn\u0119trznego - SteelNet","robots":{"index":"index","follow":"follow","max-snippet":"max-snippet:-1","max-image-preview":"max-image-preview:large","max-video-preview":"max-video-preview:-1"},"canonical":"https:\/\/steelnet.ua\/pl\/produkt\/nascienna-szafa-klimatyzacyjna-sn-stk-do-uzytku-zewnetrznego\/","og_locale":"pl_PL","og_type":"article","og_title":"Na\u015bcienna szafa klimatyzacyjna SN-STK do u\u017cytku zewn\u0119trznego - SteelNet","og_description":"Na\u015bcienne szafy klimatyczne z serii SN-\u0428\u0422\u041a przeznaczone s\u0105 do monta\u017cu aktywnych lub pasywnych urz\u0105dze\u0144 telekomunikacyjnych i monitoringu wizyjnego oraz zapewniaj\u0105 ochron\u0119 przed zewn\u0119trznymi czynnikami \u015brodowiskowymi, a tak\u017ce przed nieuprawnionym dost\u0119pem do szafy. Szafy klimatyczne z serii SN-\u0428\u0422\u041a to uniwersalne rozwi\u0105zanie do budowy sieci i umieszczania samej szafy bezpo\u015brednio na zewn\u0105trz. Obudowa szafy wykonana jest z [&hellip;]","og_url":"https:\/\/steelnet.ua\/pl\/produkt\/nascienna-szafa-klimatyzacyjna-sn-stk-do-uzytku-zewnetrznego\/","og_site_name":"SteelNet","og_image":[{"width":1200,"height":1200,"url":"https:\/\/steelnet.ua\/wp-content\/uploads\/2020\/12\/SN-SZTK-9U-06-06_-09_065_06_cam_03-1.jpg","type":"image\/jpeg"}],"twitter_card":"summary_large_image","twitter_misc":{"Szacowany czas czytania":"3 minuty"},"schema":{"@context":"https:\/\/schema.org","@graph":[{"@type":"WebPage","@id":"https:\/\/steelnet.ua\/pl\/produkt\/nascienna-szafa-klimatyzacyjna-sn-stk-do-uzytku-zewnetrznego\/","url":"https:\/\/steelnet.ua\/pl\/produkt\/nascienna-szafa-klimatyzacyjna-sn-stk-do-uzytku-zewnetrznego\/","name":"Na\u015bcienna szafa klimatyzacyjna SN-STK do u\u017cytku zewn\u0119trznego - SteelNet","isPartOf":{"@id":"https:\/\/steelnet.ua\/#website"},"primaryImageOfPage":{"@id":"https:\/\/steelnet.ua\/pl\/produkt\/nascienna-szafa-klimatyzacyjna-sn-stk-do-uzytku-zewnetrznego\/#primaryimage"},"image":{"@id":"https:\/\/steelnet.ua\/pl\/produkt\/nascienna-szafa-klimatyzacyjna-sn-stk-do-uzytku-zewnetrznego\/#primaryimage"},"thumbnailUrl":"https:\/\/steelnet.ua\/wp-content\/uploads\/2020\/12\/SN-SZTK-9U-06-06_-09_065_06_cam_03-1.jpg","datePublished":"2020-12-28T21:04:52+00:00","breadcrumb":{"@id":"https:\/\/steelnet.ua\/pl\/produkt\/nascienna-szafa-klimatyzacyjna-sn-stk-do-uzytku-zewnetrznego\/#breadcrumb"},"inLanguage":"pl-PL","potentialAction":[{"@type":"ReadAction","target":["https:\/\/steelnet.ua\/pl\/produkt\/nascienna-szafa-klimatyzacyjna-sn-stk-do-uzytku-zewnetrznego\/"]}]},{"@type":"ImageObject","inLanguage":"pl-PL","@id":"https:\/\/steelnet.ua\/pl\/produkt\/nascienna-szafa-klimatyzacyjna-sn-stk-do-uzytku-zewnetrznego\/#primaryimage","url":"https:\/\/steelnet.ua\/wp-content\/uploads\/2020\/12\/SN-SZTK-9U-06-06_-09_065_06_cam_03-1.jpg","contentUrl":"https:\/\/steelnet.ua\/wp-content\/uploads\/2020\/12\/SN-SZTK-9U-06-06_-09_065_06_cam_03-1.jpg","width":1200,"height":1200},{"@type":"BreadcrumbList","@id":"https:\/\/steelnet.ua\/pl\/produkt\/nascienna-szafa-klimatyzacyjna-sn-stk-do-uzytku-zewnetrznego\/#breadcrumb","itemListElement":[{"@type":"ListItem","position":1,"name":"\u0413\u043e\u043b\u043e\u0432\u043d\u0430 \u0421\u0442\u043e\u0440\u0456\u043d\u043a\u0430","item":"https:\/\/steelnet.ua\/"},{"@type":"ListItem","position":2,"name":"\u041c\u0430\u0433\u0430\u0437\u0438\u043d","item":"https:\/\/steelnet.ua\/shop\/"},{"@type":"ListItem","position":3,"name":"Na\u015bcienna szafa klimatyzacyjna SN-STK do u\u017cytku zewn\u0119trznego"}]},{"@type":"WebSite","@id":"https:\/\/steelnet.ua\/#website","url":"https:\/\/steelnet.ua\/","name":"SteelNet","description":"\u041c\u0435\u0442\u0430\u043b\u043e\u043a\u043e\u043d\u0441\u0442\u0440\u0443\u043a\u0446\u0456\u0457 \u0442\u0430 \u0442\u0435\u043b\u0435\u043a\u043e\u043c \u043e\u0431\u043b\u0430\u0434\u043d\u0430\u043d\u043d\u044f","potentialAction":[{"@type":"SearchAction","target":{"@type":"EntryPoint","urlTemplate":"https:\/\/steelnet.ua\/?s={search_term_string}"},"query-input":{"@type":"PropertyValueSpecification","valueRequired":true,"valueName":"search_term_string"}}],"inLanguage":"pl-PL"}]}},"_links":{"self":[{"href":"https:\/\/steelnet.ua\/pl\/wp-json\/wp\/v2\/product\/10152","targetHints":{"allow":["GET"]}}],"collection":[{"href":"https:\/\/steelnet.ua\/pl\/wp-json\/wp\/v2\/product"}],"about":[{"href":"https:\/\/steelnet.ua\/pl\/wp-json\/wp\/v2\/types\/product"}],"replies":[{"embeddable":true,"href":"https:\/\/steelnet.ua\/pl\/wp-json\/wp\/v2\/comments?post=10152"}],"wp:featuredmedia":[{"embeddable":true,"href":"https:\/\/steelnet.ua\/pl\/wp-json\/wp\/v2\/media\/10160"}],"wp:attachment":[{"href":"https:\/\/steelnet.ua\/pl\/wp-json\/wp\/v2\/media?parent=10152"}],"wp:term":[{"taxonomy":"product_cat","embeddable":true,"href":"https:\/\/steelnet.ua\/pl\/wp-json\/wp\/v2\/product_cat?post=10152"},{"taxonomy":"product_tag","embeddable":true,"href":"https:\/\/steelnet.ua\/pl\/wp-json\/wp\/v2\/product_tag?post=10152"}],"curies":[{"name":"wp","href":"https:\/\/api.w.org\/{rel}","templated":true}]}}